{"id":271,"date":"2026-08-19T13:35:22","date_gmt":"2026-08-19T13:35:22","guid":{"rendered":"http:\/\/kirchebt.de\/?post_type=gemeinde&#038;p=271"},"modified":"2026-08-19T13:35:22","modified_gmt":"2026-08-19T13:35:22","slug":"kirche-der-heiligen-zarenmartyrer-in-bremen","status":"publish","type":"gemeinde","link":"https:\/\/kirchebt.de\/ru\/gemeinde\/kirche-der-heiligen-zarenmartyrer-in-bremen\/","title":{"rendered":"Kirche der heiligen Zarenm\u00e4rtyrer in Bremen"},"content":{"rendered":"<p class=\"wp-block-paragraph\">Die Kirche der heiligen Zarenm\u00e4rtyrer befindet sich im Bremer Stadtteil Hemelingen und geh\u00f6rt zur Berliner Di\u00f6zese der Russischen Orthodoxen Kirche des Moskauer Patriarchats.<\/p>\n\n\n\n<p class=\"wp-block-paragraph\">Die orthodoxe Gemeinde wurde im Jahr 2000 gegr\u00fcndet. In den ersten Jahren verf\u00fcgte sie \u00fcber kein eigenes Gotteshaus und nutzte verschiedene R\u00e4umlichkeiten f\u00fcr ihre Gottesdienste. Im Jahr 2007 zog die Gemeinde vor\u00fcbergehend in R\u00e4ume der katholischen St.-Bonifatius-Kirche.<\/p>\n\n\n\n<p class=\"wp-block-paragraph\">Ein wichtiger Schritt folgte 2014: Die Gemeinde konnte ein eigenes Kirchengeb\u00e4ude an der Kleinen Westerholzstra\u00dfe erwerben. Das ehemalige neuapostolische Gotteshaus war 1966 errichtet worden und wurde anschlie\u00dfend f\u00fcr die Bed\u00fcrfnisse der orthodoxen Gemeinde umgestaltet.<\/p>\n\n\n\n<p class=\"wp-block-paragraph\">Seit 2016 wurde das Geb\u00e4ude umfassend weiterentwickelt. Neben der Gestaltung des eigentlichen Kirchenraums entstanden zus\u00e4tzliche R\u00e4ume f\u00fcr das Gemeindeleben. Heute finden hier regelm\u00e4\u00dfig G\u00f6ttliche Liturgien, Vigilien, Gebets- und Gedenkgottesdienste statt.<\/p>\n\n\n\n<p class=\"wp-block-paragraph\">Zur Gemeinde geh\u00f6ren au\u00dferdem eine Sonntagsschule und Bildungsangebote f\u00fcr Kinder und Erwachsene. Geistlich geleitet wird die Kirche von Erzpriester Alexander Bertasch.<\/p>","protected":false},"featured_media":273,"template":"","meta":{"_acf_changed":false,"site-sidebar-layout":"default","site-content-layout":"","ast-site-content-layout":"default","site-content-style":"default","site-sidebar-style":"default","ast-global-header-display":"","ast-banner-title-visibility":"","ast-main-header-display":"","ast-hfb-above-header-display":"","ast-hfb-below-header-display":"","ast-hfb-mobile-header-display":"","site-post-title":"","ast-breadcrumbs-content":"","ast-featured-img":"","footer-sml-layout":"","ast-disable-related-posts":"","theme-transparent-header-meta":"","adv-header-id-meta":"","stick-header-meta":"","header-above-stick-meta":"","header-main-stick-meta":"","header-below-stick-meta":"","astra-migrate-meta-layouts":"default","ast-page-background-enabled":"default","ast-page-background-meta":{"desktop":{"background-color":"var(--ast-global-color-5)","background-image":"","background-repeat":"repeat","background-position":"center center","background-size":"auto","background-attachment":"scroll","background-type":"","background-media":"","overlay-type":"","overlay-color":"","overlay-opacity":"","overlay-gradient":""},"tablet":{"background-color":"","background-image":"","background-repeat":"repeat","background-position":"center center","background-size":"auto","background-attachment":"scroll","background-type":"","background-media":"","overlay-type":"","overlay-color":"","overlay-opacity":"","overlay-gradient":""},"mobile":{"background-color":"","background-image":"","background-repeat":"repeat","background-position":"center center","background-size":"auto","background-attachment":"scroll","background-type":"","background-media":"","overlay-type":"","overlay-color":"","overlay-opacity":"","overlay-gradient":""}},"ast-content-background-meta":{"desktop":{"background-color":"var(--ast-global-color-4)","background-image":"","background-repeat":"repeat","background-position":"center center","background-size":"auto","background-attachment":"scroll","background-type":"","background-media":"","overlay-type":"","overlay-color":"","overlay-opacity":"","overlay-gradient":""},"tablet":{"background-color":"var(--ast-global-color-4)","background-image":"","background-repeat":"repeat","background-position":"center center","background-size":"auto","background-attachment":"scroll","background-type":"","background-media":"","overlay-type":"","overlay-color":"","overlay-opacity":"","overlay-gradient":""},"mobile":{"background-color":"var(--ast-global-color-4)","background-image":"","background-repeat":"repeat","background-position":"center center","background-size":"auto","background-attachment":"scroll","background-type":"","background-media":"","overlay-type":"","overlay-color":"","overlay-opacity":"","overlay-gradient":""}},"footnotes":""},"class_list":["post-271","gemeinde","type-gemeinde","status-publish","has-post-thumbnail","hentry"],"acf":[],"yoast_head":"<!-- This site is optimized with the Yoast SEO plugin v28.4 - https:\/\/yoast.com\/product\/yoast-seo-wordpress\/ -->\n<title>Kirche der heiligen Zarenm\u00e4rtyrer in Bremen - Orthodoxe Kirche in Deutschland<\/title>\n<meta name=\"description\" content=\"Die Kirche der heiligen Zarenm\u00e4rtyrer befindet sich im Bremer Stadtteil Hemelingen und geh\u00f6rt zur Berliner Di\u00f6zese der Russischen Orthodoxen Kirche des Moskauer Patriarchats.Die orthodoxe Gemeinde wurde im Jahr 2000 gegr\u00fcndet. In den ersten Jahren verf\u00fcgte sie \u00fcber kein eigenes Gotteshaus und nutzte verschiedene R\u00e4umlichkeiten f\u00fcr ihre Gottesdienste. Im Jahr 2007 zog die Gemeinde vor\u00fcbergehend in R\u00e4ume der katholischen St.-Bonifatius-Kirche.Ein wichtiger Schritt folgte 2014: Die Gemeinde konnte ein eigenes Kirchengeb\u00e4ude an der Kleinen Westerholzstra\u00dfe erwerben. Das ehemalige neuapostolische Gotteshaus war 1966 errichtet worden und wurde anschlie\u00dfend f\u00fcr die Bed\u00fcrfnisse der orthodoxen Gemeinde umgestaltet.Seit 2016 wurde das Geb\u00e4ude umfassend weiterentwickelt. Neben der Gestaltung des eigentlichen Kirchenraums entstanden zus\u00e4tzliche R\u00e4ume f\u00fcr das Gemeindeleben. Heute finden hier regelm\u00e4\u00dfig G\u00f6ttliche Liturgien, Vigilien, Gebets- und Gedenkgottesdienste statt.Zur Gemeinde geh\u00f6ren au\u00dferdem eine Sonntagsschule und Bildungsangebote f\u00fcr Kinder und Erwachsene. Geistlich geleitet wird die Kirche von Erzpriester Alexander Bertasch.\" \/>\n<meta name=\"robots\" content=\"index, follow, max-snippet:-1, max-image-preview:large, max-video-preview:-1\" \/>\n<link rel=\"canonical\" href=\"https:\/\/kirchebt.de\/ru\/gemeinde\/kirche-der-heiligen-zarenmartyrer-in-bremen\/\" \/>\n<meta property=\"og:locale\" content=\"ru_RU\" \/>\n<meta property=\"og:type\" content=\"article\" \/>\n<meta property=\"og:title\" content=\"Kirche der heiligen Zarenm\u00e4rtyrer in Bremen - Orthodoxe Kirche in Deutschland\" \/>\n<meta property=\"og:description\" content=\"Die Kirche der heiligen Zarenm\u00e4rtyrer befindet sich im Bremer Stadtteil Hemelingen und geh\u00f6rt zur Berliner Di\u00f6zese der Russischen Orthodoxen Kirche des Moskauer Patriarchats.Die orthodoxe Gemeinde wurde im Jahr 2000 gegr\u00fcndet. In den ersten Jahren verf\u00fcgte sie \u00fcber kein eigenes Gotteshaus und nutzte verschiedene R\u00e4umlichkeiten f\u00fcr ihre Gottesdienste. Im Jahr 2007 zog die Gemeinde vor\u00fcbergehend in R\u00e4ume der katholischen St.-Bonifatius-Kirche.Ein wichtiger Schritt folgte 2014: Die Gemeinde konnte ein eigenes Kirchengeb\u00e4ude an der Kleinen Westerholzstra\u00dfe erwerben. Das ehemalige neuapostolische Gotteshaus war 1966 errichtet worden und wurde anschlie\u00dfend f\u00fcr die Bed\u00fcrfnisse der orthodoxen Gemeinde umgestaltet.Seit 2016 wurde das Geb\u00e4ude umfassend weiterentwickelt. Neben der Gestaltung des eigentlichen Kirchenraums entstanden zus\u00e4tzliche R\u00e4ume f\u00fcr das Gemeindeleben. Heute finden hier regelm\u00e4\u00dfig G\u00f6ttliche Liturgien, Vigilien, Gebets- und Gedenkgottesdienste statt.Zur Gemeinde geh\u00f6ren au\u00dferdem eine Sonntagsschule und Bildungsangebote f\u00fcr Kinder und Erwachsene. Geistlich geleitet wird die Kirche von Erzpriester Alexander Bertasch.\" \/>\n<meta property=\"og:url\" content=\"https:\/\/kirchebt.de\/ru\/gemeinde\/kirche-der-heiligen-zarenmartyrer-in-bremen\/\" \/>\n<meta property=\"og:site_name\" content=\"Orthodoxe Kirche in Deutschland\" \/>\n<meta property=\"og:image\" content=\"https:\/\/kirchebt.de\/wp-content\/uploads\/2026\/08\/photo_2026-08-19_15-35-08.jpg\" \/>\n\t<meta property=\"og:image:width\" content=\"1122\" \/>\n\t<meta property=\"og:image:height\" content=\"1091\" \/>\n\t<meta property=\"og:image:type\" content=\"image\/jpeg\" \/>\n<meta name=\"twitter:card\" content=\"summary_large_image\" \/>\n<meta name=\"twitter:label1\" content=\"\u041f\u0440\u0438\u043c\u0435\u0440\u043d\u043e\u0435 \u0432\u0440\u0435\u043c\u044f \u0434\u043b\u044f \u0447\u0442\u0435\u043d\u0438\u044f\" \/>\n\t<meta name=\"twitter:data1\" content=\"1 \u043c\u0438\u043d\u0443\u0442\u0430\" \/>\n<script type=\"application\/ld+json\" class=\"yoast-schema-graph\">{\"@context\":\"https:\\\/\\\/schema.org\",\"@graph\":[{\"@type\":\"WebPage\",\"@id\":\"https:\\\/\\\/kirchebt.de\\\/gemeinde\\\/kirche-der-heiligen-zarenmartyrer-in-bremen\\\/\",\"url\":\"https:\\\/\\\/kirchebt.de\\\/gemeinde\\\/kirche-der-heiligen-zarenmartyrer-in-bremen\\\/\",\"name\":\"Kirche der heiligen Zarenm\u00e4rtyrer in Bremen - Orthodoxe Kirche in Deutschland\",\"isPartOf\":{\"@id\":\"https:\\\/\\\/kirchebt.de\\\/#website\"},\"primaryImageOfPage\":{\"@id\":\"https:\\\/\\\/kirchebt.de\\\/gemeinde\\\/kirche-der-heiligen-zarenmartyrer-in-bremen\\\/#primaryimage\"},\"image\":{\"@id\":\"https:\\\/\\\/kirchebt.de\\\/gemeinde\\\/kirche-der-heiligen-zarenmartyrer-in-bremen\\\/#primaryimage\"},\"thumbnailUrl\":\"https:\\\/\\\/kirchebt.de\\\/wp-content\\\/uploads\\\/2026\\\/08\\\/photo_2026-08-19_15-35-08.jpg\",\"datePublished\":\"2026-08-19T13:35:22+00:00\",\"description\":\"Die Kirche der heiligen Zarenm\u00e4rtyrer befindet sich im Bremer Stadtteil Hemelingen und geh\u00f6rt zur Berliner Di\u00f6zese der Russischen Orthodoxen Kirche des Moskauer Patriarchats.Die orthodoxe Gemeinde wurde im Jahr 2000 gegr\u00fcndet. In den ersten Jahren verf\u00fcgte sie \u00fcber kein eigenes Gotteshaus und nutzte verschiedene R\u00e4umlichkeiten f\u00fcr ihre Gottesdienste. Im Jahr 2007 zog die Gemeinde vor\u00fcbergehend in R\u00e4ume der katholischen St.-Bonifatius-Kirche.Ein wichtiger Schritt folgte 2014: Die Gemeinde konnte ein eigenes Kirchengeb\u00e4ude an der Kleinen Westerholzstra\u00dfe erwerben. Das ehemalige neuapostolische Gotteshaus war 1966 errichtet worden und wurde anschlie\u00dfend f\u00fcr die Bed\u00fcrfnisse der orthodoxen Gemeinde umgestaltet.Seit 2016 wurde das Geb\u00e4ude umfassend weiterentwickelt. Neben der Gestaltung des eigentlichen Kirchenraums entstanden zus\u00e4tzliche R\u00e4ume f\u00fcr das Gemeindeleben. Heute finden hier regelm\u00e4\u00dfig G\u00f6ttliche Liturgien, Vigilien, Gebets- und Gedenkgottesdienste statt.Zur Gemeinde geh\u00f6ren au\u00dferdem eine Sonntagsschule und Bildungsangebote f\u00fcr Kinder und Erwachsene. Geistlich geleitet wird die Kirche von Erzpriester Alexander Bertasch.\",\"breadcrumb\":{\"@id\":\"https:\\\/\\\/kirchebt.de\\\/gemeinde\\\/kirche-der-heiligen-zarenmartyrer-in-bremen\\\/#breadcrumb\"},\"inLanguage\":\"ru-RU\",\"potentialAction\":[{\"@type\":\"ReadAction\",\"target\":[\"https:\\\/\\\/kirchebt.de\\\/gemeinde\\\/kirche-der-heiligen-zarenmartyrer-in-bremen\\\/\"]}]},{\"@type\":\"ImageObject\",\"inLanguage\":\"ru-RU\",\"@id\":\"https:\\\/\\\/kirchebt.de\\\/gemeinde\\\/kirche-der-heiligen-zarenmartyrer-in-bremen\\\/#primaryimage\",\"url\":\"https:\\\/\\\/kirchebt.de\\\/wp-content\\\/uploads\\\/2026\\\/08\\\/photo_2026-08-19_15-35-08.jpg\",\"contentUrl\":\"https:\\\/\\\/kirchebt.de\\\/wp-content\\\/uploads\\\/2026\\\/08\\\/photo_2026-08-19_15-35-08.jpg\",\"width\":1122,\"height\":1091},{\"@type\":\"BreadcrumbList\",\"@id\":\"https:\\\/\\\/kirchebt.de\\\/gemeinde\\\/kirche-der-heiligen-zarenmartyrer-in-bremen\\\/#breadcrumb\",\"itemListElement\":[{\"@type\":\"ListItem\",\"position\":1,\"name\":\"\u0413\u043b\u0430\u0432\u043d\u0430\u044f \u0441\u0442\u0440\u0430\u043d\u0438\u0446\u0430\",\"item\":\"https:\\\/\\\/kirchebt.de\\\/\"},{\"@type\":\"ListItem\",\"position\":2,\"name\":\"Kirche der heiligen Zarenm\u00e4rtyrer in Bremen\"}]},{\"@type\":\"WebSite\",\"@id\":\"https:\\\/\\\/kirchebt.de\\\/#website\",\"url\":\"https:\\\/\\\/kirchebt.de\\\/\",\"name\":\"Orthodoxe Kirche in Deutschland\",\"description\":\"Orthodoxe Kirchen, Gemeinden und Glaubensleben in Deutschland.\",\"publisher\":{\"@id\":\"https:\\\/\\\/kirchebt.de\\\/#organization\"},\"potentialAction\":[{\"@type\":\"SearchAction\",\"target\":{\"@type\":\"EntryPoint\",\"urlTemplate\":\"https:\\\/\\\/kirchebt.de\\\/?s={search_term_string}\"},\"query-input\":{\"@type\":\"PropertyValueSpecification\",\"valueRequired\":true,\"valueName\":\"search_term_string\"}}],\"inLanguage\":\"ru-RU\"},{\"@type\":\"Organization\",\"@id\":\"https:\\\/\\\/kirchebt.de\\\/#organization\",\"name\":\"Berliner Telegraph\",\"url\":\"https:\\\/\\\/kirchebt.de\\\/\",\"logo\":{\"@type\":\"ImageObject\",\"inLanguage\":\"ru-RU\",\"@id\":\"https:\\\/\\\/kirchebt.de\\\/#\\\/schema\\\/logo\\\/image\\\/\",\"url\":\"http:\\\/\\\/kirchebt.de\\\/wp-content\\\/uploads\\\/2026\\\/08\\\/photo_2026-08-14_11-33-19.jpg\",\"contentUrl\":\"http:\\\/\\\/kirchebt.de\\\/wp-content\\\/uploads\\\/2026\\\/08\\\/photo_2026-08-14_11-33-19.jpg\",\"width\":1254,\"height\":1254,\"caption\":\"Berliner Telegraph\"},\"image\":{\"@id\":\"https:\\\/\\\/kirchebt.de\\\/#\\\/schema\\\/logo\\\/image\\\/\"}}]}<\/script>\n<!-- \/ Yoast SEO plugin. -->","yoast_head_json":{"title":"Kirche der heiligen Zarenm\u00e4rtyrer in Bremen - Orthodoxe Kirche in Deutschland","description":"Die Kirche der heiligen Zarenm\u00e4rtyrer befindet sich im Bremer Stadtteil Hemelingen und geh\u00f6rt zur Berliner Di\u00f6zese der Russischen Orthodoxen Kirche des Moskauer Patriarchats.Die orthodoxe Gemeinde wurde im Jahr 2000 gegr\u00fcndet. In den ersten Jahren verf\u00fcgte sie \u00fcber kein eigenes Gotteshaus und nutzte verschiedene R\u00e4umlichkeiten f\u00fcr ihre Gottesdienste. Im Jahr 2007 zog die Gemeinde vor\u00fcbergehend in R\u00e4ume der katholischen St.-Bonifatius-Kirche.Ein wichtiger Schritt folgte 2014: Die Gemeinde konnte ein eigenes Kirchengeb\u00e4ude an der Kleinen Westerholzstra\u00dfe erwerben. Das ehemalige neuapostolische Gotteshaus war 1966 errichtet worden und wurde anschlie\u00dfend f\u00fcr die Bed\u00fcrfnisse der orthodoxen Gemeinde umgestaltet.Seit 2016 wurde das Geb\u00e4ude umfassend weiterentwickelt. Neben der Gestaltung des eigentlichen Kirchenraums entstanden zus\u00e4tzliche R\u00e4ume f\u00fcr das Gemeindeleben. Heute finden hier regelm\u00e4\u00dfig G\u00f6ttliche Liturgien, Vigilien, Gebets- und Gedenkgottesdienste statt.Zur Gemeinde geh\u00f6ren au\u00dferdem eine Sonntagsschule und Bildungsangebote f\u00fcr Kinder und Erwachsene. Geistlich geleitet wird die Kirche von Erzpriester Alexander Bertasch.","robots":{"index":"index","follow":"follow","max-snippet":"max-snippet:-1","max-image-preview":"max-image-preview:large","max-video-preview":"max-video-preview:-1"},"canonical":"https:\/\/kirchebt.de\/ru\/gemeinde\/kirche-der-heiligen-zarenmartyrer-in-bremen\/","og_locale":"ru_RU","og_type":"article","og_title":"Kirche der heiligen Zarenm\u00e4rtyrer in Bremen - Orthodoxe Kirche in Deutschland","og_description":"Die Kirche der heiligen Zarenm\u00e4rtyrer befindet sich im Bremer Stadtteil Hemelingen und geh\u00f6rt zur Berliner Di\u00f6zese der Russischen Orthodoxen Kirche des Moskauer Patriarchats.Die orthodoxe Gemeinde wurde im Jahr 2000 gegr\u00fcndet. In den ersten Jahren verf\u00fcgte sie \u00fcber kein eigenes Gotteshaus und nutzte verschiedene R\u00e4umlichkeiten f\u00fcr ihre Gottesdienste. Im Jahr 2007 zog die Gemeinde vor\u00fcbergehend in R\u00e4ume der katholischen St.-Bonifatius-Kirche.Ein wichtiger Schritt folgte 2014: Die Gemeinde konnte ein eigenes Kirchengeb\u00e4ude an der Kleinen Westerholzstra\u00dfe erwerben. Das ehemalige neuapostolische Gotteshaus war 1966 errichtet worden und wurde anschlie\u00dfend f\u00fcr die Bed\u00fcrfnisse der orthodoxen Gemeinde umgestaltet.Seit 2016 wurde das Geb\u00e4ude umfassend weiterentwickelt. Neben der Gestaltung des eigentlichen Kirchenraums entstanden zus\u00e4tzliche R\u00e4ume f\u00fcr das Gemeindeleben. Heute finden hier regelm\u00e4\u00dfig G\u00f6ttliche Liturgien, Vigilien, Gebets- und Gedenkgottesdienste statt.Zur Gemeinde geh\u00f6ren au\u00dferdem eine Sonntagsschule und Bildungsangebote f\u00fcr Kinder und Erwachsene. Geistlich geleitet wird die Kirche von Erzpriester Alexander Bertasch.","og_url":"https:\/\/kirchebt.de\/ru\/gemeinde\/kirche-der-heiligen-zarenmartyrer-in-bremen\/","og_site_name":"Orthodoxe Kirche in Deutschland","og_image":[{"width":1122,"height":1091,"url":"https:\/\/kirchebt.de\/wp-content\/uploads\/2026\/08\/photo_2026-08-19_15-35-08.jpg","type":"image\/jpeg"}],"twitter_card":"summary_large_image","twitter_misc":{"\u041f\u0440\u0438\u043c\u0435\u0440\u043d\u043e\u0435 \u0432\u0440\u0435\u043c\u044f \u0434\u043b\u044f \u0447\u0442\u0435\u043d\u0438\u044f":"1 \u043c\u0438\u043d\u0443\u0442\u0430"},"schema":{"@context":"https:\/\/schema.org","@graph":[{"@type":"WebPage","@id":"https:\/\/kirchebt.de\/gemeinde\/kirche-der-heiligen-zarenmartyrer-in-bremen\/","url":"https:\/\/kirchebt.de\/gemeinde\/kirche-der-heiligen-zarenmartyrer-in-bremen\/","name":"Kirche der heiligen Zarenm\u00e4rtyrer in Bremen - Orthodoxe Kirche in Deutschland","isPartOf":{"@id":"https:\/\/kirchebt.de\/#website"},"primaryImageOfPage":{"@id":"https:\/\/kirchebt.de\/gemeinde\/kirche-der-heiligen-zarenmartyrer-in-bremen\/#primaryimage"},"image":{"@id":"https:\/\/kirchebt.de\/gemeinde\/kirche-der-heiligen-zarenmartyrer-in-bremen\/#primaryimage"},"thumbnailUrl":"https:\/\/kirchebt.de\/wp-content\/uploads\/2026\/08\/photo_2026-08-19_15-35-08.jpg","datePublished":"2026-08-19T13:35:22+00:00","description":"Die Kirche der heiligen Zarenm\u00e4rtyrer befindet sich im Bremer Stadtteil Hemelingen und geh\u00f6rt zur Berliner Di\u00f6zese der Russischen Orthodoxen Kirche des Moskauer Patriarchats.Die orthodoxe Gemeinde wurde im Jahr 2000 gegr\u00fcndet. In den ersten Jahren verf\u00fcgte sie \u00fcber kein eigenes Gotteshaus und nutzte verschiedene R\u00e4umlichkeiten f\u00fcr ihre Gottesdienste. Im Jahr 2007 zog die Gemeinde vor\u00fcbergehend in R\u00e4ume der katholischen St.-Bonifatius-Kirche.Ein wichtiger Schritt folgte 2014: Die Gemeinde konnte ein eigenes Kirchengeb\u00e4ude an der Kleinen Westerholzstra\u00dfe erwerben. Das ehemalige neuapostolische Gotteshaus war 1966 errichtet worden und wurde anschlie\u00dfend f\u00fcr die Bed\u00fcrfnisse der orthodoxen Gemeinde umgestaltet.Seit 2016 wurde das Geb\u00e4ude umfassend weiterentwickelt. Neben der Gestaltung des eigentlichen Kirchenraums entstanden zus\u00e4tzliche R\u00e4ume f\u00fcr das Gemeindeleben. Heute finden hier regelm\u00e4\u00dfig G\u00f6ttliche Liturgien, Vigilien, Gebets- und Gedenkgottesdienste statt.Zur Gemeinde geh\u00f6ren au\u00dferdem eine Sonntagsschule und Bildungsangebote f\u00fcr Kinder und Erwachsene. Geistlich geleitet wird die Kirche von Erzpriester Alexander Bertasch.","breadcrumb":{"@id":"https:\/\/kirchebt.de\/gemeinde\/kirche-der-heiligen-zarenmartyrer-in-bremen\/#breadcrumb"},"inLanguage":"ru-RU","potentialAction":[{"@type":"ReadAction","target":["https:\/\/kirchebt.de\/gemeinde\/kirche-der-heiligen-zarenmartyrer-in-bremen\/"]}]},{"@type":"ImageObject","inLanguage":"ru-RU","@id":"https:\/\/kirchebt.de\/gemeinde\/kirche-der-heiligen-zarenmartyrer-in-bremen\/#primaryimage","url":"https:\/\/kirchebt.de\/wp-content\/uploads\/2026\/08\/photo_2026-08-19_15-35-08.jpg","contentUrl":"https:\/\/kirchebt.de\/wp-content\/uploads\/2026\/08\/photo_2026-08-19_15-35-08.jpg","width":1122,"height":1091},{"@type":"BreadcrumbList","@id":"https:\/\/kirchebt.de\/gemeinde\/kirche-der-heiligen-zarenmartyrer-in-bremen\/#breadcrumb","itemListElement":[{"@type":"ListItem","position":1,"name":"\u0413\u043b\u0430\u0432\u043d\u0430\u044f \u0441\u0442\u0440\u0430\u043d\u0438\u0446\u0430","item":"https:\/\/kirchebt.de\/"},{"@type":"ListItem","position":2,"name":"Kirche der heiligen Zarenm\u00e4rtyrer in Bremen"}]},{"@type":"WebSite","@id":"https:\/\/kirchebt.de\/#website","url":"https:\/\/kirchebt.de\/","name":"\u041f\u0440\u0430\u0432\u043e\u0441\u043b\u0430\u0432\u043d\u0430\u044f \u0446\u0435\u0440\u043a\u043e\u0432\u044c \u0432 \u0413\u0435\u0440\u043c\u0430\u043d\u0438\u0438","description":"Orthodoxe Kirchen, Gemeinden und Glaubensleben in Deutschland.","publisher":{"@id":"https:\/\/kirchebt.de\/#organization"},"potentialAction":[{"@type":"SearchAction","target":{"@type":"EntryPoint","urlTemplate":"https:\/\/kirchebt.de\/?s={search_term_string}"},"query-input":{"@type":"PropertyValueSpecification","valueRequired":true,"valueName":"search_term_string"}}],"inLanguage":"ru-RU"},{"@type":"Organization","@id":"https:\/\/kirchebt.de\/#organization","name":"Berliner Telegraph","url":"https:\/\/kirchebt.de\/","logo":{"@type":"ImageObject","inLanguage":"ru-RU","@id":"https:\/\/kirchebt.de\/#\/schema\/logo\/image\/","url":"http:\/\/kirchebt.de\/wp-content\/uploads\/2026\/08\/photo_2026-08-14_11-33-19.jpg","contentUrl":"http:\/\/kirchebt.de\/wp-content\/uploads\/2026\/08\/photo_2026-08-14_11-33-19.jpg","width":1254,"height":1254,"caption":"Berliner Telegraph"},"image":{"@id":"https:\/\/kirchebt.de\/#\/schema\/logo\/image\/"}}]}},"_links":{"self":[{"href":"https:\/\/kirchebt.de\/ru\/wp-json\/wp\/v2\/gemeinde\/271","targetHints":{"allow":["GET"]}}],"collection":[{"href":"https:\/\/kirchebt.de\/ru\/wp-json\/wp\/v2\/gemeinde"}],"about":[{"href":"https:\/\/kirchebt.de\/ru\/wp-json\/wp\/v2\/types\/gemeinde"}],"version-history":[{"count":1,"href":"https:\/\/kirchebt.de\/ru\/wp-json\/wp\/v2\/gemeinde\/271\/revisions"}],"predecessor-version":[{"id":274,"href":"https:\/\/kirchebt.de\/ru\/wp-json\/wp\/v2\/gemeinde\/271\/revisions\/274"}],"wp:featuredmedia":[{"embeddable":true,"href":"https:\/\/kirchebt.de\/ru\/wp-json\/wp\/v2\/media\/273"}],"wp:attachment":[{"href":"https:\/\/kirchebt.de\/ru\/wp-json\/wp\/v2\/media?parent=271"}],"curies":[{"name":"wp","href":"https:\/\/api.w.org\/{rel}","templated":true}]}}